{"id":1938,"date":"2015-04-15T07:36:35","date_gmt":"2015-04-15T07:36:35","guid":{"rendered":"http:\/\/www.haactogo.tg\/?page_id=1938"},"modified":"2026-05-26T00:10:39","modified_gmt":"2026-05-26T00:10:39","slug":"accueil","status":"publish","type":"page","link":"https:\/\/www.harctogo.tg\/","title":{"rendered":"Accueil"},"content":{"rendered":"<div class=\"is-style-boxed wp-block-themeisle-blocks-posts-grid\" id=\"wp-block-themeisle-blocks-posts-grid-76b1c81c\"><div class=\"is-list\"><div class=\"o-posts-grid-post-blog o-posts-grid-post-plain\"><div class=\"o-posts-grid-post\"><div class=\"o-posts-grid-post-image\"><a href=\"https:\/\/www.harctogo.tg\/?p=7484\"><img fetchpriority=\"high\" decoding=\"async\" width=\"390\" height=\"360\" src=\"https:\/\/www.harctogo.tg\/wp-content\/uploads\/2026\/08\/images-1.jpg\" class=\"attachment-full size-full\" alt=\"Aide de l\u2019Etat 2025\u00a0: La Commission de gestion d\u00e9taille les modalit\u00e9s de r\u00e9partition \u00e0 la presse\" srcset=\"https:\/\/www.harctogo.tg\/wp-content\/uploads\/2026\/08\/images-1.jpg 390w, https:\/\/www.harctogo.tg\/wp-content\/uploads\/2026\/08\/images-1-300x277.jpg 300w\" sizes=\"(max-width: 390px) 100vw, 390px\" \/><\/a><\/div><div class=\"o-posts-grid-post-body\"><span class=\"o-posts-grid-post-category\"><a href=\"https:\/\/www.harctogo.tg\/?cat=1\">Actualit\u00e9s<\/a><\/span><h4 class=\"o-posts-grid-post-title\"><a href=\"https:\/\/www.harctogo.tg\/?p=7484\">Aide de l\u2019Etat 2025\u00a0: La Commission de gestion d\u00e9taille les modalit\u00e9s de r\u00e9partition \u00e0 la presse<\/a><\/h4><p class=\"o-posts-grid-post-meta\">Posted on <time datetime=\"2026-08-21T18:25:06+00:00\">21 ao\u00fbt 2026<\/time> by <a href=\"https:\/\/www.harctogo.tg\/?author=17\">Mathias LARE<\/a><\/p><div class=\"o-posts-grid-post-description\"><p>La Commission Technique de Gestion et de Suivi de l\u2019Aide de l\u2019Etat \u00e0 la Presse a rencontr\u00e9 les direc\u2026<\/p><\/div><\/div><\/div><\/div><div class=\"o-posts-grid-post-blog o-posts-grid-post-plain\"><div class=\"o-posts-grid-post\"><div class=\"o-posts-grid-post-image\"><a href=\"https:\/\/www.harctogo.tg\/?p=7457\"><img decoding=\"async\" width=\"226\" height=\"134\" src=\"https:\/\/www.harctogo.tg\/wp-content\/uploads\/2026\/08\/COMMUNIQUE-ROUGE-2.png\" class=\"attachment-full size-full\" alt=\"COMMUNIQUE DE LA HARC\" \/><\/a><\/div><div class=\"o-posts-grid-post-body\"><span class=\"o-posts-grid-post-category\"><a href=\"https:\/\/www.harctogo.tg\/?cat=5\">Communiqu\u00e9s<\/a><\/span><h4 class=\"o-posts-grid-post-title\"><a href=\"https:\/\/www.harctogo.tg\/?p=7457\">COMMUNIQUE DE LA HARC<\/a><\/h4><p class=\"o-posts-grid-post-meta\">Posted on <time datetime=\"2026-08-19T17:47:52+00:00\">19 ao\u00fbt 2026<\/time> by <a href=\"https:\/\/www.harctogo.tg\/?author=17\">Mathias LARE<\/a><\/p><div class=\"o-posts-grid-post-description\"><p><\/p><\/div><\/div><\/div><\/div><div class=\"o-posts-grid-post-blog o-posts-grid-post-plain\"><div class=\"o-posts-grid-post\"><div class=\"o-posts-grid-post-image\"><a href=\"https:\/\/www.harctogo.tg\/?p=7454\"><img decoding=\"async\" width=\"1080\" height=\"844\" src=\"https:\/\/www.harctogo.tg\/wp-content\/uploads\/2026\/08\/Ambassade_Communique1-1.jpeg\" class=\"attachment-full size-full\" alt=\"COMMUNIQUE DE LA COMMISSION TECHNIQUE DE GESTION ET DE SUIVI DE L\u2019AIDE DE L\u2019ETAT A LA PRESSE\" srcset=\"https:\/\/www.harctogo.tg\/wp-content\/uploads\/2026\/08\/Ambassade_Communique1-1.jpeg 1080w, https:\/\/www.harctogo.tg\/wp-content\/uploads\/2026\/08\/Ambassade_Communique1-1-300x234.jpeg 300w, https:\/\/www.harctogo.tg\/wp-content\/uploads\/2026\/08\/Ambassade_Communique1-1-1024x800.jpeg 1024w, https:\/\/www.harctogo.tg\/wp-content\/uploads\/2026\/08\/Ambassade_Communique1-1-768x600.jpeg 768w\" sizes=\"(max-width: 1080px) 100vw, 1080px\" \/><\/a><\/div><div class=\"o-posts-grid-post-body\"><span class=\"o-posts-grid-post-category\"><a href=\"https:\/\/www.harctogo.tg\/?cat=5\">Communiqu\u00e9s<\/a><\/span><h4 class=\"o-posts-grid-post-title\"><a href=\"https:\/\/www.harctogo.tg\/?p=7454\">COMMUNIQUE DE LA COMMISSION TECHNIQUE DE GESTION ET DE SUIVI DE L\u2019AIDE DE L\u2019ETAT A LA PRESSE<\/a><\/h4><p class=\"o-posts-grid-post-meta\">Posted on <time datetime=\"2026-08-19T11:59:21+00:00\">19 ao\u00fbt 2026<\/time> by <a href=\"https:\/\/www.harctogo.tg\/?author=18\">habiba GBADAMASSI<\/a><\/p><div class=\"o-posts-grid-post-description\"><p><\/p><\/div><\/div><\/div><\/div><div class=\"o-posts-grid-post-blog o-posts-grid-post-plain\"><div class=\"o-posts-grid-post\"><div class=\"o-posts-grid-post-image\"><a href=\"https:\/\/www.harctogo.tg\/?p=7447\"><img loading=\"lazy\" decoding=\"async\" width=\"1080\" height=\"844\" src=\"https:\/\/www.harctogo.tg\/wp-content\/uploads\/2026\/08\/Ambassade_Communique1-1.jpeg\" class=\"attachment-full size-full\" alt=\"COMMUNIQUE DE LA HARC RELATIF AU RETRAIT DES CARTES DE PRESSE\" srcset=\"https:\/\/www.harctogo.tg\/wp-content\/uploads\/2026\/08\/Ambassade_Communique1-1.jpeg 1080w, https:\/\/www.harctogo.tg\/wp-content\/uploads\/2026\/08\/Ambassade_Communique1-1-300x234.jpeg 300w, https:\/\/www.harctogo.tg\/wp-content\/uploads\/2026\/08\/Ambassade_Communique1-1-1024x800.jpeg 1024w, https:\/\/www.harctogo.tg\/wp-content\/uploads\/2026\/08\/Ambassade_Communique1-1-768x600.jpeg 768w\" sizes=\"(max-width: 1080px) 100vw, 1080px\" \/><\/a><\/div><div class=\"o-posts-grid-post-body\"><span class=\"o-posts-grid-post-category\"><a href=\"https:\/\/www.harctogo.tg\/?cat=1\">Actualit\u00e9s<\/a><\/span><h4 class=\"o-posts-grid-post-title\"><a href=\"https:\/\/www.harctogo.tg\/?p=7447\">COMMUNIQUE DE LA HARC RELATIF AU RETRAIT DES CARTES DE PRESSE<\/a><\/h4><p class=\"o-posts-grid-post-meta\">Posted on <time datetime=\"2026-08-10T15:14:20+00:00\">10 ao\u00fbt 2026<\/time> by <a href=\"https:\/\/www.harctogo.tg\/?author=18\">habiba GBADAMASSI<\/a><\/p><div class=\"o-posts-grid-post-description\"><p><\/p><\/div><\/div><\/div><\/div><div class=\"o-posts-grid-post-blog o-posts-grid-post-plain\"><div class=\"o-posts-grid-post\"><div class=\"o-posts-grid-post-image\"><a href=\"https:\/\/www.harctogo.tg\/?p=7436\"><img loading=\"lazy\" decoding=\"async\" width=\"294\" height=\"172\" src=\"https:\/\/www.harctogo.tg\/wp-content\/uploads\/2026\/05\/images.png\" class=\"attachment-full size-full\" alt=\"COMMUNIQUE DE LA COMMISSION TECHNIQUE DE GESTION ET DE SUIVI DE L\u2019AIDE DE L\u2019ETAT A LA PRESSE\" \/><\/a><\/div><div class=\"o-posts-grid-post-body\"><span class=\"o-posts-grid-post-category\"><a href=\"https:\/\/www.harctogo.tg\/?cat=1\">Actualit\u00e9s<\/a><\/span><h4 class=\"o-posts-grid-post-title\"><a href=\"https:\/\/www.harctogo.tg\/?p=7436\">COMMUNIQUE DE LA COMMISSION TECHNIQUE DE GESTION ET DE SUIVI DE L\u2019AIDE DE L\u2019ETAT A LA PRESSE<\/a><\/h4><p class=\"o-posts-grid-post-meta\">Posted on <time datetime=\"2026-08-10T14:36:53+00:00\">10 ao\u00fbt 2026<\/time> by <a href=\"https:\/\/www.harctogo.tg\/?author=18\">habiba GBADAMASSI<\/a><\/p><div class=\"o-posts-grid-post-description\"><p>COMMUNIQUE N\u00b004 LISTES DEFINITIVES DES BENEFICIAIRES AIDE PRESSE 2026 LISTE DES BENEFICIAIRES AIDE 2\u2026<\/p><\/div><\/div><\/div><\/div><div class=\"o-posts-grid-post-blog o-posts-grid-post-plain\"><div class=\"o-posts-grid-post\"><div class=\"o-posts-grid-post-image\"><a href=\"https:\/\/www.harctogo.tg\/?p=7426\"><img loading=\"lazy\" decoding=\"async\" width=\"720\" height=\"432\" src=\"https:\/\/www.harctogo.tg\/wp-content\/uploads\/2026\/08\/communique-photo.jpg\" class=\"attachment-full size-full\" alt=\"COMMUNIQUE DE LA HARC\" srcset=\"https:\/\/www.harctogo.tg\/wp-content\/uploads\/2026\/08\/communique-photo.jpg 720w, https:\/\/www.harctogo.tg\/wp-content\/uploads\/2026\/08\/communique-photo-300x180.jpg 300w\" sizes=\"(max-width: 720px) 100vw, 720px\" \/><\/a><\/div><div class=\"o-posts-grid-post-body\"><span class=\"o-posts-grid-post-category\"><a href=\"https:\/\/www.harctogo.tg\/?cat=5\">Communiqu\u00e9s<\/a><\/span><h4 class=\"o-posts-grid-post-title\"><a href=\"https:\/\/www.harctogo.tg\/?p=7426\">COMMUNIQUE DE LA HARC<\/a><\/h4><p class=\"o-posts-grid-post-meta\">Posted on <time datetime=\"2026-08-07T16:02:05+00:00\">7 ao\u00fbt 2026<\/time> by <a href=\"https:\/\/www.harctogo.tg\/?author=17\">Mathias LARE<\/a><\/p><div class=\"o-posts-grid-post-description\"><p><\/p><\/div><\/div><\/div><\/div><div class=\"o-posts-grid-post-blog o-posts-grid-post-plain\"><div class=\"o-posts-grid-post\"><div class=\"o-posts-grid-post-image\"><a href=\"https:\/\/www.harctogo.tg\/?p=7421\"><img loading=\"lazy\" decoding=\"async\" width=\"1280\" height=\"960\" src=\"https:\/\/www.harctogo.tg\/wp-content\/uploads\/2026\/07\/la-UNE.jpeg\" class=\"attachment-full size-full\" alt=\"La HARC clarifie la distinction entre les types de badges au cours d\u2019une rencontre d\u2019\u00e9changes sur la r\u00e9gulation de la communication num\u00e9rique\" srcset=\"https:\/\/www.harctogo.tg\/wp-content\/uploads\/2026\/07\/la-UNE.jpeg 1280w, https:\/\/www.harctogo.tg\/wp-content\/uploads\/2026\/07\/la-UNE-300x225.jpeg 300w, https:\/\/www.harctogo.tg\/wp-content\/uploads\/2026\/07\/la-UNE-1024x768.jpeg 1024w, https:\/\/www.harctogo.tg\/wp-content\/uploads\/2026\/07\/la-UNE-768x576.jpeg 768w\" sizes=\"(max-width: 1280px) 100vw, 1280px\" \/><\/a><\/div><div class=\"o-posts-grid-post-body\"><span class=\"o-posts-grid-post-category\"><a href=\"https:\/\/www.harctogo.tg\/?cat=1\">Actualit\u00e9s<\/a><\/span><h4 class=\"o-posts-grid-post-title\"><a href=\"https:\/\/www.harctogo.tg\/?p=7421\">La HARC clarifie la distinction entre les types de badges au cours d\u2019une rencontre d\u2019\u00e9changes sur la r\u00e9gulation de la communication num\u00e9rique<\/a><\/h4><p class=\"o-posts-grid-post-meta\">Posted on <time datetime=\"2026-07-24T17:46:47+00:00\">24 juillet 2026<\/time> by <a href=\"https:\/\/www.harctogo.tg\/?author=17\">Mathias LARE<\/a><\/p><div class=\"o-posts-grid-post-description\"><p>La Haute Autorit\u00e9 de l\u2019Audiovisuel et de la Communication (HAAC) a abrit\u00e9, le vendredi 24 juillet 20\u2026<\/p><\/div><\/div><\/div><\/div><div class=\"o-posts-grid-post-blog o-posts-grid-post-plain\"><div class=\"o-posts-grid-post\"><div class=\"o-posts-grid-post-image\"><a href=\"https:\/\/www.harctogo.tg\/?p=7408\"><img loading=\"lazy\" decoding=\"async\" width=\"1920\" height=\"1440\" src=\"https:\/\/www.harctogo.tg\/wp-content\/uploads\/2024\/04\/communique-rouge.jpg\" class=\"attachment-full size-full\" alt=\"RESULTATS DE L\u2019ETUDE DES DOSSIERS DE DEMANDE DE L\u2019AIDE DE L\u2019ETAT A LA PRESSE GESTION 2025\" srcset=\"https:\/\/www.harctogo.tg\/wp-content\/uploads\/2024\/04\/communique-rouge.jpg 1920w, https:\/\/www.harctogo.tg\/wp-content\/uploads\/2024\/04\/communique-rouge-300x225.jpg 300w, https:\/\/www.harctogo.tg\/wp-content\/uploads\/2024\/04\/communique-rouge-1024x768.jpg 1024w, https:\/\/www.harctogo.tg\/wp-content\/uploads\/2024\/04\/communique-rouge-768x576.jpg 768w, https:\/\/www.harctogo.tg\/wp-content\/uploads\/2024\/04\/communique-rouge-1536x1152.jpg 1536w\" sizes=\"(max-width: 1920px) 100vw, 1920px\" \/><\/a><\/div><div class=\"o-posts-grid-post-body\"><span class=\"o-posts-grid-post-category\"><a href=\"https:\/\/www.harctogo.tg\/?cat=5\">Communiqu\u00e9s<\/a><\/span><h4 class=\"o-posts-grid-post-title\"><a href=\"https:\/\/www.harctogo.tg\/?p=7408\">RESULTATS DE L\u2019ETUDE DES DOSSIERS DE DEMANDE DE L\u2019AIDE DE L\u2019ETAT A LA PRESSE GESTION 2025<\/a><\/h4><p class=\"o-posts-grid-post-meta\">Posted on <time datetime=\"2026-07-13T06:00:00+00:00\">13 juillet 2026<\/time> by <a href=\"https:\/\/www.harctogo.tg\/?author=17\">Mathias LARE<\/a><\/p><div class=\"o-posts-grid-post-description\"><p>PRESSE EN LIGNE EN MODE ECRIT RADIOS COMMERCIALES RADIOS COMMUNAUTAIRES WEB RADIOS JOURNAUX ET MAGAZ\u2026<\/p><\/div><\/div><\/div><\/div><div class=\"o-posts-grid-post-blog o-posts-grid-post-plain\"><div class=\"o-posts-grid-post\"><div class=\"o-posts-grid-post-image\"><a href=\"https:\/\/www.harctogo.tg\/?p=7403\"><img loading=\"lazy\" decoding=\"async\" width=\"1200\" height=\"695\" src=\"https:\/\/www.harctogo.tg\/wp-content\/uploads\/2025\/05\/communique-1.png\" class=\"attachment-full size-full\" alt=\"COMMUNIQUE DE LA COMMISSION TECHNIQUE DE GESTION ET DE SUIVI DE L\u2019AIDE DE L\u2019ETAT A LA PRESSE\" srcset=\"https:\/\/www.harctogo.tg\/wp-content\/uploads\/2025\/05\/communique-1.png 1200w, https:\/\/www.harctogo.tg\/wp-content\/uploads\/2025\/05\/communique-1-300x174.png 300w, https:\/\/www.harctogo.tg\/wp-content\/uploads\/2025\/05\/communique-1-1024x593.png 1024w, https:\/\/www.harctogo.tg\/wp-content\/uploads\/2025\/05\/communique-1-768x445.png 768w\" sizes=\"(max-width: 1200px) 100vw, 1200px\" \/><\/a><\/div><div class=\"o-posts-grid-post-body\"><span class=\"o-posts-grid-post-category\"><a href=\"https:\/\/www.harctogo.tg\/?cat=5\">Communiqu\u00e9s<\/a><\/span><h4 class=\"o-posts-grid-post-title\"><a href=\"https:\/\/www.harctogo.tg\/?p=7403\">COMMUNIQUE DE LA COMMISSION TECHNIQUE DE GESTION ET DE SUIVI DE L\u2019AIDE DE L\u2019ETAT A LA PRESSE<\/a><\/h4><p class=\"o-posts-grid-post-meta\">Posted on <time datetime=\"2026-07-10T17:03:16+00:00\">10 juillet 2026<\/time> by <a href=\"https:\/\/www.harctogo.tg\/?author=17\">Mathias LARE<\/a><\/p><div class=\"o-posts-grid-post-description\"><p><\/p><\/div><\/div><\/div><\/div><div class=\"o-posts-grid-post-blog o-posts-grid-post-plain\"><div class=\"o-posts-grid-post\"><div class=\"o-posts-grid-post-image\"><a href=\"https:\/\/www.harctogo.tg\/?p=7398\"><img loading=\"lazy\" decoding=\"async\" width=\"1280\" height=\"567\" src=\"https:\/\/www.harctogo.tg\/wp-content\/uploads\/2026\/07\/A-LA-UNE.jpeg\" class=\"attachment-full size-full\" alt=\"1\u00e8re session ordinaire 2026\u00a0: La HARC planche sur divers dossiers et des sujets d\u2019int\u00e9r\u00eat pour la r\u00e9gulation des m\u00e9dias\" srcset=\"https:\/\/www.harctogo.tg\/wp-content\/uploads\/2026\/07\/A-LA-UNE.jpeg 1280w, https:\/\/www.harctogo.tg\/wp-content\/uploads\/2026\/07\/A-LA-UNE-300x133.jpeg 300w, https:\/\/www.harctogo.tg\/wp-content\/uploads\/2026\/07\/A-LA-UNE-1024x454.jpeg 1024w, https:\/\/www.harctogo.tg\/wp-content\/uploads\/2026\/07\/A-LA-UNE-768x340.jpeg 768w\" sizes=\"(max-width: 1280px) 100vw, 1280px\" \/><\/a><\/div><div class=\"o-posts-grid-post-body\"><span class=\"o-posts-grid-post-category\"><a href=\"https:\/\/www.harctogo.tg\/?cat=1\">Actualit\u00e9s<\/a><\/span><h4 class=\"o-posts-grid-post-title\"><a href=\"https:\/\/www.harctogo.tg\/?p=7398\">1\u00e8re session ordinaire 2026\u00a0: La HARC planche sur divers dossiers et des sujets d\u2019int\u00e9r\u00eat pour la r\u00e9gulation des m\u00e9dias<\/a><\/h4><p class=\"o-posts-grid-post-meta\">Posted on <time datetime=\"2026-07-10T16:56:10+00:00\">10 juillet 2026<\/time> by <a href=\"https:\/\/www.harctogo.tg\/?author=17\">Mathias LARE<\/a><\/p><div class=\"o-posts-grid-post-description\"><p>La Haute Autorit\u00e9 de R\u00e9gulation de la Communication \u00e9crite, audiovisuelle et num\u00e9rique (HARC) a ouve\u2026<\/p><\/div><\/div><\/div><\/div><\/div> <div class=\"o-posts-grid-pag\"><span aria-current=\"page\" class=\"page-numbers current\">1<\/span>\n<a class=\"page-numbers\" href=\"https:\/\/www.harctogo.tg\/index.php\/?paged=2&#038;rest_route=%2Fwp%2Fv2%2Fpages%2F1938\">2<\/a>\n<a class=\"page-numbers\" href=\"https:\/\/www.harctogo.tg\/index.php\/?paged=3&#038;rest_route=%2Fwp%2Fv2%2Fpages%2F1938\">3<\/a>\n<span class=\"page-numbers dots\">\u2026<\/span>\n<a class=\"page-numbers\" href=\"https:\/\/www.harctogo.tg\/index.php\/?paged=88&#038;rest_route=%2Fwp%2Fv2%2Fpages%2F1938\">88<\/a>\n<a class=\"next page-numbers\" href=\"https:\/\/www.harctogo.tg\/index.php\/?paged=2&#038;rest_route=%2Fwp%2Fv2%2Fpages%2F1938\">Next<\/a><\/div><\/div>\n\n\n<p class=\"wp-block-paragraph\"><\/p>\n","protected":false},"excerpt":{"rendered":"","protected":false},"author":8,"featured_media":0,"parent":0,"menu_order":0,"comment_status":"open","ping_status":"closed","template":"","meta":{"_themeisle_gutenberg_block_has_review":false,"footnotes":""},"class_list":["post-1938","page","type-page","status-publish","hentry"],"_links":{"self":[{"href":"https:\/\/www.harctogo.tg\/index.php?rest_route=\/wp\/v2\/pages\/1938","targetHints":{"allow":["GET"]}}],"collection":[{"href":"https:\/\/www.harctogo.tg\/index.php?rest_route=\/wp\/v2\/pages"}],"about":[{"href":"https:\/\/www.harctogo.tg\/index.php?rest_route=\/wp\/v2\/types\/page"}],"author":[{"embeddable":true,"href":"https:\/\/www.harctogo.tg\/index.php?rest_route=\/wp\/v2\/users\/8"}],"replies":[{"embeddable":true,"href":"https:\/\/www.harctogo.tg\/index.php?rest_route=%2Fwp%2Fv2%2Fcomments&post=1938"}],"version-history":[{"count":47,"href":"https:\/\/www.harctogo.tg\/index.php?rest_route=\/wp\/v2\/pages\/1938\/revisions"}],"predecessor-version":[{"id":7361,"href":"https:\/\/www.harctogo.tg\/index.php?rest_route=\/wp\/v2\/pages\/1938\/revisions\/7361"}],"wp:attachment":[{"href":"https:\/\/www.harctogo.tg\/index.php?rest_route=%2Fwp%2Fv2%2Fmedia&parent=1938"}],"curies":[{"name":"wp","href":"https:\/\/api.w.org\/{rel}","templated":true}]}}